{"id":5528,"date":"2024-08-19T16:59:18","date_gmt":"2024-08-19T14:59:18","guid":{"rendered":"https:\/\/www.esperienzeanordest.it\/esperienza\/triest-der-karst-und-das-schloss-duino\/"},"modified":"2025-05-08T12:38:47","modified_gmt":"2025-05-08T10:38:47","slug":"triest-der-karst-und-das-schloss-duino","status":"publish","type":"event_listing","link":"https:\/\/www.esperienzeanordest.it\/de\/esperienza\/triest-der-karst-und-das-schloss-duino\/","title":{"rendered":"Triest, der Karst und das Schloss Duino"},"content":{"rendered":"<p>Die von<strong> NET-Esperienze a Nord Est<\/strong> vorgeschlagene Rundfahrt beginnt in<strong> Triest<\/strong>, einer kosmopolitischen Stadt voller \u00dcberraschungen. Wir durchqueren das historische Zentrum mit seinen faszinierenden Pl\u00e4tzen, bevor wir unseren Fahrer treffen, um den H\u00fcgel San Giusto und dann die <strong>Wallfahrtskirche Monte Grisa<\/strong> zu erreichen, ein Geb\u00e4ude im brutalistischen Stil des 20. <\/p>\n<p>Nach einem Mittagessen mit typischen Produkten aus dem Triester Karst f\u00fchrt der gef\u00fchrte Ausflug auf den faszinierenden <strong>Rilke-Weg<\/strong>, der dem gro\u00dfen \u00f6sterreichisch-b\u00f6hmischen Dichter gewidmet ist, von Sistiana nach Duino. Die landschaftlich reizvolle Wanderung f\u00fchrt am n\u00f6rdlichen Ende der Adria<br \/>im Naturschutzgebiet der Klippen von Duino entlang und bietet die M\u00f6glichkeit, das Ph\u00e4nomen der Verkarstung aus n\u00e4chster N\u00e4he zu beobachten und dabei die st\u00e4ndige Pr\u00e4senz des Meeres zu genie\u00dfen. <\/p>\n<p>In Duino angekommen, besichtigen wir das <strong>Schloss<\/strong> aus dem 14. Jahrhundert und seinen faszinierenden Park: Wir durchqueren den Innenhof und spazieren entlang der Treppe von Palladio, dem Hammerfl\u00fcgel aus dem Jahr 1810, auf dem Franz Liszt spielte, und dem au\u00dfergew\u00f6hnlichen Panorama, das wir von den Festungsmauern aus bewundern k\u00f6nnen, von Punta Salvore bis jenseits der M\u00fcndung des Isonzo.<\/p>\n<p>Um nichts zu verpassen, besuchen wir auch den <strong>Bunker<\/strong>, der 1943 von der deutschen Kriegsmarine gebaut wurde.<\/p>\n<p>&nbsp;<\/p>\n","protected":false},"featured_media":3753,"template":"","meta":{"_uag_custom_page_level_css":"","site-sidebar-layout":"default","site-content-layout":"","ast-site-content-layout":"default","site-content-style":"default","site-sidebar-style":"default","ast-global-header-display":"","ast-banner-title-visibility":"","ast-main-header-display":"","ast-hfb-above-header-display":"","ast-hfb-below-header-display":"","ast-hfb-mobile-header-display":"","site-post-title":"","ast-breadcrumbs-content":"","ast-featured-img":"","footer-sml-layout":"","ast-disable-related-posts":"","theme-transparent-header-meta":"","adv-header-id-meta":"","stick-header-meta":"","header-above-stick-meta":"","header-main-stick-meta":"","header-below-stick-meta":"","astra-migrate-meta-layouts":"default","ast-page-background-enabled":"default","ast-page-background-meta":{"desktop":{"background-color":"","background-image":"","background-repeat":"repeat","background-position":"center center","background-size":"auto","background-attachment":"scroll","background-type":"","background-media":"","overlay-type":"","overlay-color":"","overlay-opacity":"","overlay-gradient":""},"tablet":{"background-color":"","background-image":"","background-repeat":"repeat","background-position":"center center","background-size":"auto","background-attachment":"scroll","background-type":"","background-media":"","overlay-type":"","overlay-color":"","overlay-opacity":"","overlay-gradient":""},"mobile":{"background-color":"","background-image":"","background-repeat":"repeat","background-position":"center center","background-size":"auto","background-attachment":"scroll","background-type":"","background-media":"","overlay-type":"","overlay-color":"","overlay-opacity":"","overlay-gradient":""}},"ast-content-background-meta":{"desktop":{"background-color":"var(--ast-global-color-5)","background-image":"","background-repeat":"repeat","background-position":"center center","background-size":"auto","background-attachment":"scroll","background-type":"","background-media":"","overlay-type":"","overlay-color":"","overlay-opacity":"","overlay-gradient":""},"tablet":{"background-color":"var(--ast-global-color-5)","background-image":"","background-repeat":"repeat","background-position":"center center","background-size":"auto","background-attachment":"scroll","background-type":"","background-media":"","overlay-type":"","overlay-color":"","overlay-opacity":"","overlay-gradient":""},"mobile":{"background-color":"var(--ast-global-color-5)","background-image":"","background-repeat":"repeat","background-position":"center center","background-size":"auto","background-attachment":"scroll","background-type":"","background-media":"","overlay-type":"","overlay-color":"","overlay-opacity":"","overlay-gradient":""}}},"event_listing_category":[166],"class_list":["post-5528","event_listing","type-event_listing","status-publish","has-post-thumbnail","hentry","event_listing_category-auf-anfrage"],"yoast_head":"<!-- This site is optimized with the Yoast SEO plugin v28.2 - https:\/\/yoast.com\/product\/yoast-seo-wordpress\/ -->\n<title>Triest, der Karst und das Schloss Duino - Esperienze a Nord-Est<\/title>\n<meta name=\"robots\" content=\"index, follow, max-snippet:-1, max-image-preview:large, max-video-preview:-1\" \/>\n<link rel=\"canonical\" href=\"https:\/\/www.esperienzeanordest.it\/de\/esperienza\/triest-der-karst-und-das-schloss-duino\/\" \/>\n<meta property=\"og:locale\" content=\"de_DE\" \/>\n<meta property=\"og:type\" content=\"article\" \/>\n<meta property=\"og:title\" content=\"Triest, der Karst und das Schloss Duino - Esperienze a Nord-Est\" \/>\n<meta property=\"og:description\" content=\"Die von NET-Esperienze a Nord Est vorgeschlagene Rundfahrt beginnt in Triest, einer kosmopolitischen Stadt voller \u00dcberraschungen. Wir durchqueren das historische Zentrum mit seinen faszinierenden Pl\u00e4tzen, bevor wir unseren Fahrer treffen, um den H\u00fcgel San Giusto und dann die Wallfahrtskirche Monte Grisa zu erreichen, ein Geb\u00e4ude im brutalistischen Stil des 20. Nach einem Mittagessen mit typischen [&hellip;]\" \/>\n<meta property=\"og:url\" content=\"https:\/\/www.esperienzeanordest.it\/de\/esperienza\/triest-der-karst-und-das-schloss-duino\/\" \/>\n<meta property=\"og:site_name\" content=\"Esperienze a Nord-Est\" \/>\n<meta property=\"article:publisher\" content=\"https:\/\/www.facebook.com\/p\/NET-Esperienze-a-Nord-Est-61556553164741\/\" \/>\n<meta property=\"article:modified_time\" content=\"2025-05-08T10:38:47+00:00\" \/>\n<meta property=\"og:image\" content=\"https:\/\/www.esperienzeanordest.it\/wp-content\/uploads\/event-manager-uploads\/event_banner\/2024\/08\/SUP_01.webp\" \/>\n\t<meta property=\"og:image:width\" content=\"1600\" \/>\n\t<meta property=\"og:image:height\" content=\"1067\" \/>\n\t<meta property=\"og:image:type\" content=\"image\/webp\" \/>\n<meta name=\"twitter:card\" content=\"summary_large_image\" \/>\n<meta name=\"twitter:label1\" content=\"Gesch\u00e4tzte Lesezeit\" \/>\n\t<meta name=\"twitter:data1\" content=\"1\u00a0Minute\" \/>\n<script type=\"application\/ld+json\" class=\"yoast-schema-graph\">{\"@context\":\"https:\\\/\\\/schema.org\",\"@graph\":[{\"@type\":\"WebPage\",\"@id\":\"https:\\\/\\\/www.esperienzeanordest.it\\\/de\\\/esperienza\\\/triest-der-karst-und-das-schloss-duino\\\/\",\"url\":\"https:\\\/\\\/www.esperienzeanordest.it\\\/de\\\/esperienza\\\/triest-der-karst-und-das-schloss-duino\\\/\",\"name\":\"Triest, der Karst und das Schloss Duino - Esperienze a Nord-Est\",\"isPartOf\":{\"@id\":\"https:\\\/\\\/www.esperienzeanordest.it\\\/de\\\/#website\"},\"primaryImageOfPage\":{\"@id\":\"https:\\\/\\\/www.esperienzeanordest.it\\\/de\\\/esperienza\\\/triest-der-karst-und-das-schloss-duino\\\/#primaryimage\"},\"image\":{\"@id\":\"https:\\\/\\\/www.esperienzeanordest.it\\\/de\\\/esperienza\\\/triest-der-karst-und-das-schloss-duino\\\/#primaryimage\"},\"thumbnailUrl\":\"https:\\\/\\\/www.esperienzeanordest.it\\\/wp-content\\\/uploads\\\/event-manager-uploads\\\/event_banner\\\/2024\\\/08\\\/SUP_01.webp\",\"datePublished\":\"2024-08-19T14:59:18+00:00\",\"dateModified\":\"2025-05-08T10:38:47+00:00\",\"breadcrumb\":{\"@id\":\"https:\\\/\\\/www.esperienzeanordest.it\\\/de\\\/esperienza\\\/triest-der-karst-und-das-schloss-duino\\\/#breadcrumb\"},\"inLanguage\":\"de\",\"potentialAction\":[{\"@type\":\"ReadAction\",\"target\":[\"https:\\\/\\\/www.esperienzeanordest.it\\\/de\\\/esperienza\\\/triest-der-karst-und-das-schloss-duino\\\/\"]}]},{\"@type\":\"ImageObject\",\"inLanguage\":\"de\",\"@id\":\"https:\\\/\\\/www.esperienzeanordest.it\\\/de\\\/esperienza\\\/triest-der-karst-und-das-schloss-duino\\\/#primaryimage\",\"url\":\"https:\\\/\\\/www.esperienzeanordest.it\\\/wp-content\\\/uploads\\\/event-manager-uploads\\\/event_banner\\\/2024\\\/08\\\/SUP_01.webp\",\"contentUrl\":\"https:\\\/\\\/www.esperienzeanordest.it\\\/wp-content\\\/uploads\\\/event-manager-uploads\\\/event_banner\\\/2024\\\/08\\\/SUP_01.webp\",\"width\":1600,\"height\":1067},{\"@type\":\"BreadcrumbList\",\"@id\":\"https:\\\/\\\/www.esperienzeanordest.it\\\/de\\\/esperienza\\\/triest-der-karst-und-das-schloss-duino\\\/#breadcrumb\",\"itemListElement\":[{\"@type\":\"ListItem\",\"position\":1,\"name\":\"Startseite\",\"item\":\"https:\\\/\\\/www.esperienzeanordest.it\\\/de\\\/\"},{\"@type\":\"ListItem\",\"position\":2,\"name\":\"Triest, der Karst und das Schloss Duino\"}]},{\"@type\":\"WebSite\",\"@id\":\"https:\\\/\\\/www.esperienzeanordest.it\\\/de\\\/#website\",\"url\":\"https:\\\/\\\/www.esperienzeanordest.it\\\/de\\\/\",\"name\":\"Esperienze a Nord-Est\",\"description\":\"La meraviglia della scoperta\",\"publisher\":{\"@id\":\"https:\\\/\\\/www.esperienzeanordest.it\\\/de\\\/#organization\"},\"potentialAction\":[{\"@type\":\"SearchAction\",\"target\":{\"@type\":\"EntryPoint\",\"urlTemplate\":\"https:\\\/\\\/www.esperienzeanordest.it\\\/de\\\/?s={search_term_string}\"},\"query-input\":{\"@type\":\"PropertyValueSpecification\",\"valueRequired\":true,\"valueName\":\"search_term_string\"}}],\"inLanguage\":\"de\"},{\"@type\":\"Organization\",\"@id\":\"https:\\\/\\\/www.esperienzeanordest.it\\\/de\\\/#organization\",\"name\":\"Esperienze a Nord-Est\",\"url\":\"https:\\\/\\\/www.esperienzeanordest.it\\\/de\\\/\",\"logo\":{\"@type\":\"ImageObject\",\"inLanguage\":\"de\",\"@id\":\"https:\\\/\\\/www.esperienzeanordest.it\\\/de\\\/#\\\/schema\\\/logo\\\/image\\\/\",\"url\":\"https:\\\/\\\/www.esperienzeanordest.it\\\/wp-content\\\/uploads\\\/2024\\\/01\\\/cropped-logo_tricolore.webp\",\"contentUrl\":\"https:\\\/\\\/www.esperienzeanordest.it\\\/wp-content\\\/uploads\\\/2024\\\/01\\\/cropped-logo_tricolore.webp\",\"width\":1599,\"height\":843,\"caption\":\"Esperienze a Nord-Est\"},\"image\":{\"@id\":\"https:\\\/\\\/www.esperienzeanordest.it\\\/de\\\/#\\\/schema\\\/logo\\\/image\\\/\"},\"sameAs\":[\"https:\\\/\\\/www.facebook.com\\\/p\\\/NET-Esperienze-a-Nord-Est-61556553164741\\\/\"]}]}<\/script>\n<!-- \/ Yoast SEO plugin. -->","yoast_head_json":{"title":"Triest, der Karst und das Schloss Duino - Esperienze a Nord-Est","robots":{"index":"index","follow":"follow","max-snippet":"max-snippet:-1","max-image-preview":"max-image-preview:large","max-video-preview":"max-video-preview:-1"},"canonical":"https:\/\/www.esperienzeanordest.it\/de\/esperienza\/triest-der-karst-und-das-schloss-duino\/","og_locale":"de_DE","og_type":"article","og_title":"Triest, der Karst und das Schloss Duino - Esperienze a Nord-Est","og_description":"Die von NET-Esperienze a Nord Est vorgeschlagene Rundfahrt beginnt in Triest, einer kosmopolitischen Stadt voller \u00dcberraschungen. Wir durchqueren das historische Zentrum mit seinen faszinierenden Pl\u00e4tzen, bevor wir unseren Fahrer treffen, um den H\u00fcgel San Giusto und dann die Wallfahrtskirche Monte Grisa zu erreichen, ein Geb\u00e4ude im brutalistischen Stil des 20. Nach einem Mittagessen mit typischen [&hellip;]","og_url":"https:\/\/www.esperienzeanordest.it\/de\/esperienza\/triest-der-karst-und-das-schloss-duino\/","og_site_name":"Esperienze a Nord-Est","article_publisher":"https:\/\/www.facebook.com\/p\/NET-Esperienze-a-Nord-Est-61556553164741\/","article_modified_time":"2025-05-08T10:38:47+00:00","og_image":[{"width":1600,"height":1067,"url":"https:\/\/www.esperienzeanordest.it\/wp-content\/uploads\/event-manager-uploads\/event_banner\/2024\/08\/SUP_01.webp","type":"image\/webp"}],"twitter_card":"summary_large_image","twitter_misc":{"Gesch\u00e4tzte Lesezeit":"1\u00a0Minute"},"schema":{"@context":"https:\/\/schema.org","@graph":[{"@type":"WebPage","@id":"https:\/\/www.esperienzeanordest.it\/de\/esperienza\/triest-der-karst-und-das-schloss-duino\/","url":"https:\/\/www.esperienzeanordest.it\/de\/esperienza\/triest-der-karst-und-das-schloss-duino\/","name":"Triest, der Karst und das Schloss Duino - Esperienze a Nord-Est","isPartOf":{"@id":"https:\/\/www.esperienzeanordest.it\/de\/#website"},"primaryImageOfPage":{"@id":"https:\/\/www.esperienzeanordest.it\/de\/esperienza\/triest-der-karst-und-das-schloss-duino\/#primaryimage"},"image":{"@id":"https:\/\/www.esperienzeanordest.it\/de\/esperienza\/triest-der-karst-und-das-schloss-duino\/#primaryimage"},"thumbnailUrl":"https:\/\/www.esperienzeanordest.it\/wp-content\/uploads\/event-manager-uploads\/event_banner\/2024\/08\/SUP_01.webp","datePublished":"2024-08-19T14:59:18+00:00","dateModified":"2025-05-08T10:38:47+00:00","breadcrumb":{"@id":"https:\/\/www.esperienzeanordest.it\/de\/esperienza\/triest-der-karst-und-das-schloss-duino\/#breadcrumb"},"inLanguage":"de","potentialAction":[{"@type":"ReadAction","target":["https:\/\/www.esperienzeanordest.it\/de\/esperienza\/triest-der-karst-und-das-schloss-duino\/"]}]},{"@type":"ImageObject","inLanguage":"de","@id":"https:\/\/www.esperienzeanordest.it\/de\/esperienza\/triest-der-karst-und-das-schloss-duino\/#primaryimage","url":"https:\/\/www.esperienzeanordest.it\/wp-content\/uploads\/event-manager-uploads\/event_banner\/2024\/08\/SUP_01.webp","contentUrl":"https:\/\/www.esperienzeanordest.it\/wp-content\/uploads\/event-manager-uploads\/event_banner\/2024\/08\/SUP_01.webp","width":1600,"height":1067},{"@type":"BreadcrumbList","@id":"https:\/\/www.esperienzeanordest.it\/de\/esperienza\/triest-der-karst-und-das-schloss-duino\/#breadcrumb","itemListElement":[{"@type":"ListItem","position":1,"name":"Startseite","item":"https:\/\/www.esperienzeanordest.it\/de\/"},{"@type":"ListItem","position":2,"name":"Triest, der Karst und das Schloss Duino"}]},{"@type":"WebSite","@id":"https:\/\/www.esperienzeanordest.it\/de\/#website","url":"https:\/\/www.esperienzeanordest.it\/de\/","name":"Esperienze a Nord-Est","description":"La meraviglia della scoperta","publisher":{"@id":"https:\/\/www.esperienzeanordest.it\/de\/#organization"},"potentialAction":[{"@type":"SearchAction","target":{"@type":"EntryPoint","urlTemplate":"https:\/\/www.esperienzeanordest.it\/de\/?s={search_term_string}"},"query-input":{"@type":"PropertyValueSpecification","valueRequired":true,"valueName":"search_term_string"}}],"inLanguage":"de"},{"@type":"Organization","@id":"https:\/\/www.esperienzeanordest.it\/de\/#organization","name":"Esperienze a Nord-Est","url":"https:\/\/www.esperienzeanordest.it\/de\/","logo":{"@type":"ImageObject","inLanguage":"de","@id":"https:\/\/www.esperienzeanordest.it\/de\/#\/schema\/logo\/image\/","url":"https:\/\/www.esperienzeanordest.it\/wp-content\/uploads\/2024\/01\/cropped-logo_tricolore.webp","contentUrl":"https:\/\/www.esperienzeanordest.it\/wp-content\/uploads\/2024\/01\/cropped-logo_tricolore.webp","width":1599,"height":843,"caption":"Esperienze a Nord-Est"},"image":{"@id":"https:\/\/www.esperienzeanordest.it\/de\/#\/schema\/logo\/image\/"},"sameAs":["https:\/\/www.facebook.com\/p\/NET-Esperienze-a-Nord-Est-61556553164741\/"]}]}},"uagb_featured_image_src":{"full":["https:\/\/www.esperienzeanordest.it\/wp-content\/uploads\/event-manager-uploads\/event_banner\/2024\/08\/SUP_01.webp",1600,1067,false],"thumbnail":["https:\/\/www.esperienzeanordest.it\/wp-content\/uploads\/event-manager-uploads\/event_banner\/2024\/08\/SUP_01.webp",225,150,false],"medium":["https:\/\/www.esperienzeanordest.it\/wp-content\/uploads\/event-manager-uploads\/event_banner\/2024\/08\/SUP_01.webp",600,400,false],"medium_large":["https:\/\/www.esperienzeanordest.it\/wp-content\/uploads\/event-manager-uploads\/event_banner\/2024\/08\/SUP_01.webp",768,512,false],"large":["https:\/\/www.esperienzeanordest.it\/wp-content\/uploads\/event-manager-uploads\/event_banner\/2024\/08\/SUP_01.webp",1600,1067,false],"1536x1536":["https:\/\/www.esperienzeanordest.it\/wp-content\/uploads\/event-manager-uploads\/event_banner\/2024\/08\/SUP_01.webp",1536,1024,false],"2048x2048":["https:\/\/www.esperienzeanordest.it\/wp-content\/uploads\/event-manager-uploads\/event_banner\/2024\/08\/SUP_01.webp",1600,1067,false],"woocommerce_thumbnail":["https:\/\/www.esperienzeanordest.it\/wp-content\/uploads\/event-manager-uploads\/event_banner\/2024\/08\/SUP_01.webp",300,200,false],"woocommerce_single":["https:\/\/www.esperienzeanordest.it\/wp-content\/uploads\/event-manager-uploads\/event_banner\/2024\/08\/SUP_01.webp",600,400,false],"woocommerce_gallery_thumbnail":["https:\/\/www.esperienzeanordest.it\/wp-content\/uploads\/event-manager-uploads\/event_banner\/2024\/08\/SUP_01.webp",100,67,false]},"uagb_author_info":{"display_name":"Giovanni","author_link":"https:\/\/www.esperienzeanordest.it\/de\/author\/"},"uagb_comment_info":0,"uagb_excerpt":"Die von NET-Esperienze a Nord Est vorgeschlagene Rundfahrt beginnt in Triest, einer kosmopolitischen Stadt voller \u00dcberraschungen. Wir durchqueren das historische Zentrum mit seinen faszinierenden Pl\u00e4tzen, bevor wir unseren Fahrer treffen, um den H\u00fcgel San Giusto und dann die Wallfahrtskirche Monte Grisa zu erreichen, ein Geb\u00e4ude im brutalistischen Stil des 20. Nach einem Mittagessen mit typischen...","_links":{"self":[{"href":"https:\/\/www.esperienzeanordest.it\/de\/wp-json\/wp\/v2\/event_listing\/5528","targetHints":{"allow":["GET"]}}],"collection":[{"href":"https:\/\/www.esperienzeanordest.it\/de\/wp-json\/wp\/v2\/event_listing"}],"about":[{"href":"https:\/\/www.esperienzeanordest.it\/de\/wp-json\/wp\/v2\/types\/event_listing"}],"wp:featuredmedia":[{"embeddable":true,"href":"https:\/\/www.esperienzeanordest.it\/de\/wp-json\/wp\/v2\/media\/3753"}],"wp:attachment":[{"href":"https:\/\/www.esperienzeanordest.it\/de\/wp-json\/wp\/v2\/media?parent=5528"}],"wp:term":[{"taxonomy":"event_listing_category","embeddable":true,"href":"https:\/\/www.esperienzeanordest.it\/de\/wp-json\/wp\/v2\/event_listing_category?post=5528"}],"curies":[{"name":"wp","href":"https:\/\/api.w.org\/{rel}","templated":true}]}}